{"id":1895,"date":"2023-11-02T11:16:18","date_gmt":"2023-11-02T11:16:18","guid":{"rendered":"https:\/\/www.lecamaleon.com\/?post_type=product&#038;p=1895"},"modified":"2026-03-17T11:44:44","modified_gmt":"2026-03-17T11:44:44","slug":"edredao-nordico-inverno","status":"publish","type":"product","link":"https:\/\/www.lecamaleon.com\/en\/product\/edredao-nordico-inverno\/","title":{"rendered":"Warm Nordic Duvet 400 GR"},"content":{"rendered":"<p>Nordic winter duvet made in Portugal with high quality premium fibre. Sizes available for single, double, queen and king beds.<\/p>\n<h2>Winter Nordic duvet size guide:<\/h2>\n<ul>\n<li>90 x 200 bed | 150 x 220 duvet<\/li>\n<li>Cama de 105 x 200 | Edred\u00e3o de 180 x 220<\/li>\n<li>Cama de 135 x 200 | Edred\u00e3o de 220 x 220<\/li>\n<li>150 x 200 bed | 220 x 220 duvet<\/li>\n<li>160 x 200 bed | 220 x 220 or 240 x 220 duvet<\/li>\n<li>180 x 200 bed | 240 x 220 or 260 x 220 duvet<\/li>\n<li>200 x 200 bed | 260 x 220 or 280 x 220 duvet<\/li>\n<\/ul>","protected":false},"excerpt":{"rendered":"<p data-sourcepos=\"7:1-7:119\">LeCamaleon's Nordic Winter Duvet has been designed from scratch to offer comfort during the coldest seasons of the year.<\/p>\n<p data-sourcepos=\"7:1-7:119\">Inside it's filled with premium fibre with thermal insulation, ideal for keeping you warm and cosy while you sleep regardless of the temperature outside. The outside is made of highly soft microfibre to caress your skin.<\/p>\n<p data-sourcepos=\"7:1-7:119\">Este Edred\u00e3o \u00e9 antial\u00e9rgico e tem um tratamento especial anti\u00e1caros.<\/p>\n<p data-sourcepos=\"9:1-9:27\"><strong>Characteristics:<\/strong><\/p>\n<ul data-sourcepos=\"11:1-15:0\">\n<li data-sourcepos=\"11:1-11:59\">Ideal thermal insulation for winter<\/li>\n<li data-sourcepos=\"12:1-12:36\">Premium hypoallergenic inner fibre, 400 g\/m\u00b2<\/li>\n<li data-sourcepos=\"13:1-13:48\">Exterior: soft hypoallergenic microfibre, 85 g\/m\u00b2<\/li>\n<li data-sourcepos=\"13:1-13:48\">Made on a sustainable production line<\/li>\n<li data-sourcepos=\"14:1-15:0\">Made in Portugal<\/li>\n<li data-sourcepos=\"14:1-15:0\"><a href=\"https:\/\/www.oeko-tex.com\/en\/our-standards\/oeko-tex-standard-100\">OEKO-TEX\u00ae STANDARD 100<\/a>.<\/li>\n<\/ul>\n<p>&nbsp;<\/p>\n<p>Washing instructions:<\/p>\n<p><em>We recommend washing our duvets in the wash machine on a delicate cycle with a temperature of up to 30\u00ba. To dry, you can use the tumble dryer, but use a long cycle with low temperatures.<\/em><\/p>\n<p>If you have any doubts, follow our tips for <a href=\"https:\/\/www.lecamaleon.com\/en\/como-quando-lavar-edredao\/\">how and when to wash your duvet.<\/a><\/p>\n<p>Can't find the size you want? We also make personalised sizes (<a href=\"https:\/\/www.lecamaleon.com\/en\/encomendas-por-medida-ou-personalizadas\/\">make your order here<\/a>).<\/p>","protected":false},"featured_media":4405,"comment_status":"open","ping_status":"closed","template":"","meta":{"ocean_post_layout":"","ocean_both_sidebars_style":"","ocean_both_sidebars_content_width":0,"ocean_both_sidebars_sidebars_width":0,"ocean_sidebar":"0","ocean_second_sidebar":"0","ocean_disable_margins":"enable","ocean_add_body_class":"","ocean_shortcode_before_top_bar":"","ocean_shortcode_after_top_bar":"","ocean_shortcode_before_header":"","ocean_shortcode_after_header":"","ocean_has_shortcode":"","ocean_shortcode_after_title":"","ocean_shortcode_before_footer_widgets":"","ocean_shortcode_after_footer_widgets":"","ocean_shortcode_before_footer_bottom":"","ocean_shortcode_after_footer_bottom":"","ocean_display_top_bar":"default","ocean_display_header":"default","ocean_header_style":"","ocean_center_header_left_menu":"0","ocean_custom_header_template":"0","ocean_custom_logo":0,"ocean_custom_retina_logo":0,"ocean_custom_logo_max_width":0,"ocean_custom_logo_tablet_max_width":0,"ocean_custom_logo_mobile_max_width":0,"ocean_custom_logo_max_height":0,"ocean_custom_logo_tablet_max_height":0,"ocean_custom_logo_mobile_max_height":0,"ocean_header_custom_menu":"0","ocean_menu_typo_font_family":"0","ocean_menu_typo_font_subset":"","ocean_menu_typo_font_size":0,"ocean_menu_typo_font_size_tablet":0,"ocean_menu_typo_font_size_mobile":0,"ocean_menu_typo_font_size_unit":"px","ocean_menu_typo_font_weight":"","ocean_menu_typo_font_weight_tablet":"","ocean_menu_typo_font_weight_mobile":"","ocean_menu_typo_transform":"","ocean_menu_typo_transform_tablet":"","ocean_menu_typo_transform_mobile":"","ocean_menu_typo_line_height":0,"ocean_menu_typo_line_height_tablet":0,"ocean_menu_typo_line_height_mobile":0,"ocean_menu_typo_line_height_unit":"","ocean_menu_typo_spacing":0,"ocean_menu_typo_spacing_tablet":0,"ocean_menu_typo_spacing_mobile":0,"ocean_menu_typo_spacing_unit":"","ocean_menu_link_color":"","ocean_menu_link_color_hover":"","ocean_menu_link_color_active":"","ocean_menu_link_background":"","ocean_menu_link_hover_background":"","ocean_menu_link_active_background":"","ocean_menu_social_links_bg":"","ocean_menu_social_hover_links_bg":"","ocean_menu_social_links_color":"","ocean_menu_social_hover_links_color":"","ocean_disable_title":"default","ocean_disable_heading":"default","ocean_post_title":"","ocean_post_subheading":"","ocean_post_title_style":"","ocean_post_title_background_color":"","ocean_post_title_background":0,"ocean_post_title_bg_image_position":"","ocean_post_title_bg_image_attachment":"","ocean_post_title_bg_image_repeat":"","ocean_post_title_bg_image_size":"","ocean_post_title_height":0,"ocean_post_title_bg_overlay":0.5,"ocean_post_title_bg_overlay_color":"","ocean_disable_breadcrumbs":"on","ocean_breadcrumbs_color":"","ocean_breadcrumbs_separator_color":"","ocean_breadcrumbs_links_color":"","ocean_breadcrumbs_links_hover_color":"","ocean_display_footer_widgets":"default","ocean_display_footer_bottom":"default","ocean_custom_footer_template":"0"},"product_brand":[],"product_cat":[75,73],"product_tag":[94,96,95,99,97],"class_list":{"0":"post-1895","1":"product","2":"type-product","3":"status-publish","4":"has-post-thumbnail","6":"product_cat-edredoes","7":"product_cat-roupa-de-cama","8":"product_tag-edredao","9":"product_tag-edredao-casal","10":"product_tag-edredao-nordico","11":"product_tag-edredao-quente","12":"product_tag-edredao-solteiro","14":"entry","15":"has-media","17":"first","18":"instock","19":"taxable","20":"shipping-taxable","21":"purchasable","22":"product-type-variable","23":"has-product-nav","24":"col","25":"span_1_of_3","26":"owp-content-center","27":"owp-thumbs-layout-horizontal","28":"owp-btn-normal","29":"owp-tabs-layout-horizontal"},"yoast_head":"<!-- This site is optimized with the Yoast SEO plugin v27.4 - https:\/\/yoast.com\/product\/yoast-seo-wordpress\/ -->\n<title>Edred\u00e3o N\u00f3rdico de Inverno 400 GR | Hipoalerg\u00e9nico e Anti-\u00c1caros<\/title>\n<meta name=\"description\" content=\"Edred\u00e3o N\u00f3rdico de inverno p\/ Todas as Camas (90-200cm): Isolamento T\u00e9rmico, Conforto e Sem Alergias. Durma profundamente e sem frio.\" \/>\n<meta name=\"robots\" content=\"index, follow, max-snippet:-1, max-image-preview:large, max-video-preview:-1\" \/>\n<link rel=\"canonical\" href=\"https:\/\/www.lecamaleon.com\/en\/product\/edredao-nordico-inverno\/\" \/>\n<meta property=\"og:locale\" content=\"en_GB\" \/>\n<meta property=\"og:type\" content=\"article\" \/>\n<meta property=\"og:title\" content=\"Edred\u00e3o N\u00f3rdico de Inverno 400 GR | Hipoalerg\u00e9nico e Anti-\u00c1caros\" \/>\n<meta property=\"og:description\" content=\"Edred\u00e3o N\u00f3rdico de inverno p\/ Todas as Camas (90-200cm): Isolamento T\u00e9rmico, Conforto e Sem Alergias. Durma profundamente e sem frio.\" \/>\n<meta property=\"og:url\" content=\"https:\/\/www.lecamaleon.com\/en\/product\/edredao-nordico-inverno\/\" \/>\n<meta property=\"og:site_name\" content=\"Lecamaleon\" \/>\n<meta property=\"article:publisher\" content=\"https:\/\/www.facebook.com\/lecamaleon\" \/>\n<meta property=\"article:modified_time\" content=\"2026-03-17T11:44:44+00:00\" \/>\n<meta property=\"og:image\" content=\"https:\/\/www.lecamaleon.com\/wp-content\/uploads\/2023\/11\/edredao-nordico-2025.jpg\" \/>\n\t<meta property=\"og:image:width\" content=\"1080\" \/>\n\t<meta property=\"og:image:height\" content=\"1440\" \/>\n\t<meta property=\"og:image:type\" content=\"image\/jpeg\" \/>\n<meta name=\"twitter:card\" content=\"summary_large_image\" \/>\n<meta name=\"twitter:label1\" content=\"Estimated reading time\" \/>\n\t<meta name=\"twitter:data1\" content=\"1 minute\" \/>\n<script type=\"application\/ld+json\" class=\"yoast-schema-graph\">{\"@context\":\"https:\\\/\\\/schema.org\",\"@graph\":[{\"@type\":\"WebPage\",\"@id\":\"https:\\\/\\\/www.lecamaleon.com\\\/produto\\\/edredao-nordico-inverno\\\/\",\"url\":\"https:\\\/\\\/www.lecamaleon.com\\\/produto\\\/edredao-nordico-inverno\\\/\",\"name\":\"Edred\u00e3o N\u00f3rdico de Inverno 400 GR | Hipoalerg\u00e9nico e Anti-\u00c1caros\",\"isPartOf\":{\"@id\":\"https:\\\/\\\/www.lecamaleon.com\\\/#website\"},\"primaryImageOfPage\":{\"@id\":\"https:\\\/\\\/www.lecamaleon.com\\\/produto\\\/edredao-nordico-inverno\\\/#primaryimage\"},\"image\":{\"@id\":\"https:\\\/\\\/www.lecamaleon.com\\\/produto\\\/edredao-nordico-inverno\\\/#primaryimage\"},\"thumbnailUrl\":\"https:\\\/\\\/www.lecamaleon.com\\\/wp-content\\\/uploads\\\/2023\\\/11\\\/edredao-nordico-2025.jpg\",\"datePublished\":\"2023-11-02T11:16:18+00:00\",\"dateModified\":\"2026-03-17T11:44:44+00:00\",\"description\":\"Edred\u00e3o N\u00f3rdico de inverno p\\\/ Todas as Camas (90-200cm): Isolamento T\u00e9rmico, Conforto e Sem Alergias. Durma profundamente e sem frio.\",\"breadcrumb\":{\"@id\":\"https:\\\/\\\/www.lecamaleon.com\\\/produto\\\/edredao-nordico-inverno\\\/#breadcrumb\"},\"inLanguage\":\"en-GB\",\"potentialAction\":[{\"@type\":\"ReadAction\",\"target\":[\"https:\\\/\\\/www.lecamaleon.com\\\/produto\\\/edredao-nordico-inverno\\\/\"]}]},{\"@type\":\"ImageObject\",\"inLanguage\":\"en-GB\",\"@id\":\"https:\\\/\\\/www.lecamaleon.com\\\/produto\\\/edredao-nordico-inverno\\\/#primaryimage\",\"url\":\"https:\\\/\\\/www.lecamaleon.com\\\/wp-content\\\/uploads\\\/2023\\\/11\\\/edredao-nordico-2025.jpg\",\"contentUrl\":\"https:\\\/\\\/www.lecamaleon.com\\\/wp-content\\\/uploads\\\/2023\\\/11\\\/edredao-nordico-2025.jpg\",\"width\":1080,\"height\":1440,\"caption\":\"Edred\u00e3o n\u00f3rdico 400g da LeCamaleon, preparado para noites mais quentes e confort\u00e1veis.\"},{\"@type\":\"BreadcrumbList\",\"@id\":\"https:\\\/\\\/www.lecamaleon.com\\\/produto\\\/edredao-nordico-inverno\\\/#breadcrumb\",\"itemListElement\":[{\"@type\":\"ListItem\",\"position\":1,\"name\":\"In\u00edcio\",\"item\":\"https:\\\/\\\/www.lecamaleon.com\\\/\"},{\"@type\":\"ListItem\",\"position\":2,\"name\":\"Loja\",\"item\":\"https:\\\/\\\/www.lecamaleon.com\\\/loja\\\/\"},{\"@type\":\"ListItem\",\"position\":3,\"name\":\"Edred\u00e3o N\u00f3rdico de Inverno 400 GR\"}]},{\"@type\":\"WebSite\",\"@id\":\"https:\\\/\\\/www.lecamaleon.com\\\/#website\",\"url\":\"https:\\\/\\\/www.lecamaleon.com\\\/\",\"name\":\"Lecamaleon.com\",\"description\":\"Loja online de t\u00eaxtil-lar com produtos fabricados em Portugal aos melhores pre\u00e7os: edred\u00f5es, almofadas de dormir, len\u00e7\u00f3is de linho, len\u00e7\u00f3is de cetim e mais.\",\"publisher\":{\"@id\":\"https:\\\/\\\/www.lecamaleon.com\\\/#organization\"},\"alternateName\":\"LeCamaleon\",\"potentialAction\":[{\"@type\":\"SearchAction\",\"target\":{\"@type\":\"EntryPoint\",\"urlTemplate\":\"https:\\\/\\\/www.lecamaleon.com\\\/?s={search_term_string}\"},\"query-input\":{\"@type\":\"PropertyValueSpecification\",\"valueRequired\":true,\"valueName\":\"search_term_string\"}}],\"inLanguage\":\"en-GB\"},{\"@type\":\"Organization\",\"@id\":\"https:\\\/\\\/www.lecamaleon.com\\\/#organization\",\"name\":\"Lecamaleon.com\",\"url\":\"https:\\\/\\\/www.lecamaleon.com\\\/\",\"logo\":{\"@type\":\"ImageObject\",\"inLanguage\":\"en-GB\",\"@id\":\"https:\\\/\\\/www.lecamaleon.com\\\/#\\\/schema\\\/logo\\\/image\\\/\",\"url\":\"https:\\\/\\\/www.lecamaleon.com\\\/wp-content\\\/uploads\\\/2023\\\/02\\\/cropped-Logo-512x512-1.png\",\"contentUrl\":\"https:\\\/\\\/www.lecamaleon.com\\\/wp-content\\\/uploads\\\/2023\\\/02\\\/cropped-Logo-512x512-1.png\",\"width\":512,\"height\":512,\"caption\":\"Lecamaleon.com\"},\"image\":{\"@id\":\"https:\\\/\\\/www.lecamaleon.com\\\/#\\\/schema\\\/logo\\\/image\\\/\"},\"sameAs\":[\"https:\\\/\\\/www.facebook.com\\\/lecamaleon\",\"https:\\\/\\\/www.instagram.com\\\/le.camaleon\\\/\",\"https:\\\/\\\/www.threads.net\\\/@le.camaleon\"]}]}<\/script>\n<!-- \/ Yoast SEO plugin. -->","yoast_head_json":{"title":"Edred\u00e3o N\u00f3rdico de Inverno 400 GR | Hipoalerg\u00e9nico e Anti-\u00c1caros","description":"Edred\u00e3o N\u00f3rdico de inverno p\/ Todas as Camas (90-200cm): Isolamento T\u00e9rmico, Conforto e Sem Alergias. Durma profundamente e sem frio.","robots":{"index":"index","follow":"follow","max-snippet":"max-snippet:-1","max-image-preview":"max-image-preview:large","max-video-preview":"max-video-preview:-1"},"canonical":"https:\/\/www.lecamaleon.com\/en\/product\/edredao-nordico-inverno\/","og_locale":"en_GB","og_type":"article","og_title":"Edred\u00e3o N\u00f3rdico de Inverno 400 GR | Hipoalerg\u00e9nico e Anti-\u00c1caros","og_description":"Edred\u00e3o N\u00f3rdico de inverno p\/ Todas as Camas (90-200cm): Isolamento T\u00e9rmico, Conforto e Sem Alergias. Durma profundamente e sem frio.","og_url":"https:\/\/www.lecamaleon.com\/en\/product\/edredao-nordico-inverno\/","og_site_name":"Lecamaleon","article_publisher":"https:\/\/www.facebook.com\/lecamaleon","article_modified_time":"2026-03-17T11:44:44+00:00","og_image":[{"width":1080,"height":1440,"url":"https:\/\/www.lecamaleon.com\/wp-content\/uploads\/2023\/11\/edredao-nordico-2025.jpg","type":"image\/jpeg"}],"twitter_card":"summary_large_image","twitter_misc":{"Estimated reading time":"1 minute"},"schema":{"@context":"https:\/\/schema.org","@graph":[{"@type":"WebPage","@id":"https:\/\/www.lecamaleon.com\/produto\/edredao-nordico-inverno\/","url":"https:\/\/www.lecamaleon.com\/produto\/edredao-nordico-inverno\/","name":"Edred\u00e3o N\u00f3rdico de Inverno 400 GR | Hipoalerg\u00e9nico e Anti-\u00c1caros","isPartOf":{"@id":"https:\/\/www.lecamaleon.com\/#website"},"primaryImageOfPage":{"@id":"https:\/\/www.lecamaleon.com\/produto\/edredao-nordico-inverno\/#primaryimage"},"image":{"@id":"https:\/\/www.lecamaleon.com\/produto\/edredao-nordico-inverno\/#primaryimage"},"thumbnailUrl":"https:\/\/www.lecamaleon.com\/wp-content\/uploads\/2023\/11\/edredao-nordico-2025.jpg","datePublished":"2023-11-02T11:16:18+00:00","dateModified":"2026-03-17T11:44:44+00:00","description":"Edred\u00e3o N\u00f3rdico de inverno p\/ Todas as Camas (90-200cm): Isolamento T\u00e9rmico, Conforto e Sem Alergias. Durma profundamente e sem frio.","breadcrumb":{"@id":"https:\/\/www.lecamaleon.com\/produto\/edredao-nordico-inverno\/#breadcrumb"},"inLanguage":"en-GB","potentialAction":[{"@type":"ReadAction","target":["https:\/\/www.lecamaleon.com\/produto\/edredao-nordico-inverno\/"]}]},{"@type":"ImageObject","inLanguage":"en-GB","@id":"https:\/\/www.lecamaleon.com\/produto\/edredao-nordico-inverno\/#primaryimage","url":"https:\/\/www.lecamaleon.com\/wp-content\/uploads\/2023\/11\/edredao-nordico-2025.jpg","contentUrl":"https:\/\/www.lecamaleon.com\/wp-content\/uploads\/2023\/11\/edredao-nordico-2025.jpg","width":1080,"height":1440,"caption":"Edred\u00e3o n\u00f3rdico 400g da LeCamaleon, preparado para noites mais quentes e confort\u00e1veis."},{"@type":"BreadcrumbList","@id":"https:\/\/www.lecamaleon.com\/produto\/edredao-nordico-inverno\/#breadcrumb","itemListElement":[{"@type":"ListItem","position":1,"name":"In\u00edcio","item":"https:\/\/www.lecamaleon.com\/"},{"@type":"ListItem","position":2,"name":"Loja","item":"https:\/\/www.lecamaleon.com\/loja\/"},{"@type":"ListItem","position":3,"name":"Edred\u00e3o N\u00f3rdico de Inverno 400 GR"}]},{"@type":"WebSite","@id":"https:\/\/www.lecamaleon.com\/#website","url":"https:\/\/www.lecamaleon.com\/","name":"Lecamaleon.com","description":"Loja online de t\u00eaxtil-lar com produtos fabricados em Portugal aos melhores pre\u00e7os: edred\u00f5es, almofadas de dormir, len\u00e7\u00f3is de linho, len\u00e7\u00f3is de cetim e mais.","publisher":{"@id":"https:\/\/www.lecamaleon.com\/#organization"},"alternateName":"LeCamaleon","potentialAction":[{"@type":"SearchAction","target":{"@type":"EntryPoint","urlTemplate":"https:\/\/www.lecamaleon.com\/?s={search_term_string}"},"query-input":{"@type":"PropertyValueSpecification","valueRequired":true,"valueName":"search_term_string"}}],"inLanguage":"en-GB"},{"@type":"Organization","@id":"https:\/\/www.lecamaleon.com\/#organization","name":"Lecamaleon.com","url":"https:\/\/www.lecamaleon.com\/","logo":{"@type":"ImageObject","inLanguage":"en-GB","@id":"https:\/\/www.lecamaleon.com\/#\/schema\/logo\/image\/","url":"https:\/\/www.lecamaleon.com\/wp-content\/uploads\/2023\/02\/cropped-Logo-512x512-1.png","contentUrl":"https:\/\/www.lecamaleon.com\/wp-content\/uploads\/2023\/02\/cropped-Logo-512x512-1.png","width":512,"height":512,"caption":"Lecamaleon.com"},"image":{"@id":"https:\/\/www.lecamaleon.com\/#\/schema\/logo\/image\/"},"sameAs":["https:\/\/www.facebook.com\/lecamaleon","https:\/\/www.instagram.com\/le.camaleon\/","https:\/\/www.threads.net\/@le.camaleon"]}]}},"_links":{"self":[{"href":"https:\/\/www.lecamaleon.com\/en\/wp-json\/wp\/v2\/product\/1895","targetHints":{"allow":["GET"]}}],"collection":[{"href":"https:\/\/www.lecamaleon.com\/en\/wp-json\/wp\/v2\/product"}],"about":[{"href":"https:\/\/www.lecamaleon.com\/en\/wp-json\/wp\/v2\/types\/product"}],"replies":[{"embeddable":true,"href":"https:\/\/www.lecamaleon.com\/en\/wp-json\/wp\/v2\/comments?post=1895"}],"wp:featuredmedia":[{"embeddable":true,"href":"https:\/\/www.lecamaleon.com\/en\/wp-json\/wp\/v2\/media\/4405"}],"wp:attachment":[{"href":"https:\/\/www.lecamaleon.com\/en\/wp-json\/wp\/v2\/media?parent=1895"}],"wp:term":[{"taxonomy":"product_brand","embeddable":true,"href":"https:\/\/www.lecamaleon.com\/en\/wp-json\/wp\/v2\/product_brand?post=1895"},{"taxonomy":"product_cat","embeddable":true,"href":"https:\/\/www.lecamaleon.com\/en\/wp-json\/wp\/v2\/product_cat?post=1895"},{"taxonomy":"product_tag","embeddable":true,"href":"https:\/\/www.lecamaleon.com\/en\/wp-json\/wp\/v2\/product_tag?post=1895"}],"curies":[{"name":"wp","href":"https:\/\/api.w.org\/{rel}","templated":true}]}}