{"id":2179,"date":"2023-11-30T12:10:27","date_gmt":"2023-11-30T12:10:27","guid":{"rendered":"https:\/\/www.lecamaleon.com\/?post_type=product&#038;p=2179"},"modified":"2026-01-16T10:33:54","modified_gmt":"2026-01-16T10:33:54","slug":"lencol-cetim-1000-fios-ajustavel","status":"publish","type":"product","link":"https:\/\/www.lecamaleon.com\/en\/product\/lencol-cetim-1000-fios-ajustavel\/","title":{"rendered":"Len\u00e7ol ajust\u00e1vel Cetim 1000 fios"},"content":{"rendered":"<p><strong>What is satin?<\/strong><\/p>\n<p>Satin is a type of fabric characterised by its smooth, shiny surface, which is the result of a specific weaving method. The main distinguishing feature of satin is the weft side that predominates on the surface, creating a smooth, shiny texture.<\/p>\n<p>Here are some interesting facts about satin:<\/p>\n<ol>\n<li><strong>Weaving:<\/strong> O cetim \u00e9 produzido atrav\u00e9s de um m\u00e9todo de tecelagem especial chamado \u201ctecelagem cetim\u201d. Nesse processo, os fios da trama passam por cima de v\u00e1rios fios de urdidura, resultando numa distribui\u00e7\u00e3o uniforme e apertada dos fios na superf\u00edcie do tecido.<\/li>\n<li><strong>Shine:<\/strong> The shiny characteristic of satin is achieved because of the way light interacts with the smooth, even surface of the fabric. This creates a shiny effect.<\/li>\n<li><strong>Smoothness:<\/strong> The smooth texture of satin is the result of the uniform arrangement of the threads and the absence of roughness on the surface, which gives the fabric a pleasant feel to the touch.<\/li>\n<\/ol>\n<figure id=\"attachment_2538\" aria-describedby=\"caption-attachment-2538\" style=\"width: 771px\" class=\"wp-caption alignnone\"><img fetchpriority=\"high\" decoding=\"async\" class=\"wp-image-2538 size-large\" src=\"https:\/\/www.lecamaleon.com\/wp-content\/uploads\/2023\/11\/cetim-visto-de-perto-zoom-771x1024.png\" alt=\"\" width=\"771\" height=\"1024\" srcset=\"https:\/\/www.lecamaleon.com\/wp-content\/uploads\/2023\/11\/cetim-visto-de-perto-zoom-771x1024.png 771w, https:\/\/www.lecamaleon.com\/wp-content\/uploads\/2023\/11\/cetim-visto-de-perto-zoom-226x300.png 226w, https:\/\/www.lecamaleon.com\/wp-content\/uploads\/2023\/11\/cetim-visto-de-perto-zoom-768x1020.png 768w, https:\/\/www.lecamaleon.com\/wp-content\/uploads\/2023\/11\/cetim-visto-de-perto-zoom-1157x1536.png 1157w, https:\/\/www.lecamaleon.com\/wp-content\/uploads\/2023\/11\/cetim-visto-de-perto-zoom-1542x2048.png 1542w, https:\/\/www.lecamaleon.com\/wp-content\/uploads\/2023\/11\/cetim-visto-de-perto-zoom-9x12.png 9w, https:\/\/www.lecamaleon.com\/wp-content\/uploads\/2023\/11\/cetim-visto-de-perto-zoom-1000x1328.png 1000w\" sizes=\"(max-width: 771px) 100vw, 771px\" \/><figcaption id=\"caption-attachment-2538\" class=\"wp-caption-text\">Tecido de cetim visto com lupa<\/figcaption><\/figure>","protected":false},"excerpt":{"rendered":"<p>O nosso len\u00e7ol de baixo ajust\u00e1vel fabricado em <strong>cetim de algod\u00e3o 1000 fios<\/strong> \u00e9 o produto de <strong>luxo absoluto<\/strong> para o seu quarto. Gra\u00e7as \u00e0 sua densidade de fios por polegada, tem caracter\u00edsticas que n\u00e3o vai encontrar noutro tipo de len\u00e7\u00f3is.<\/p>\n<ul>\n<li>Textura suave e sedosa ;<\/li>\n<li>El\u00e1stico nas pontas para ajuste perfeito ao colch\u00e3o ;<\/li>\n<li>Superf\u00edcie brihante\u00a0 com eleg\u00e2ncia intemporal;<\/li>\n<li>Propriedades de termorregula\u00e7\u00e3o\u00a0 para temperatura confort\u00e1vel durante todas as esta\u00e7\u00f5es;<\/li>\n<li>Qualidade superior: resistente ao desgaste<\/li>\n<\/ul>\n<p>&nbsp;<\/p>\n<p><strong>Confira a nossa cole\u00e7\u00e3o completa Cetim 1000 Fios<\/strong><\/p>\n<ul>\n<li><a href=\"https:\/\/www.lecamaleon.com\/en\/product\/lencol-de-cetim-algodao-1000-fios\/\">Len\u00e7ol de Cima em Cetim 1000 Fios<\/a><\/li>\n<li><a href=\"https:\/\/www.lecamaleon.com\/en\/product\/fronhas-de-cetim-1000-fios\/\">Fronhas de Almofada em Cetim 1000 fios<\/a><\/li>\n<\/ul>\n<p>&nbsp;<\/p>\n<p>Os nossos len\u00e7\u00f3is de Cetim 1000 fios s\u00e3o <strong>fabricados em Portugal<\/strong> \ud83c\uddf5\ud83c\uddf9 de forma sustent\u00e1vel e ecol\u00f3gica. Certificado <a href=\"https:\/\/www.oeko-tex.com\/en\/our-standards\/oeko-tex-standard-100\">OEKO TEX STANDARD 100<\/a><\/p>\n<p><strong>Washing precautions<\/strong><\/p>\n<p>Recomendamos lavagem a 30 graus cent\u00edgrados na m\u00e1quina de lavar. Caso use m\u00e1quina de secar, recomendamos um programa para roupas delicadas. Depois, dobre o len\u00e7ol e passe a ferro enquanto o tecido est\u00e1 h\u00famido.<\/p>","protected":false},"featured_media":3035,"comment_status":"open","ping_status":"closed","template":"","meta":{"ocean_post_layout":"","ocean_both_sidebars_style":"","ocean_both_sidebars_content_width":0,"ocean_both_sidebars_sidebars_width":0,"ocean_sidebar":"0","ocean_second_sidebar":"0","ocean_disable_margins":"enable","ocean_add_body_class":"","ocean_shortcode_before_top_bar":"","ocean_shortcode_after_top_bar":"","ocean_shortcode_before_header":"","ocean_shortcode_after_header":"","ocean_has_shortcode":"","ocean_shortcode_after_title":"","ocean_shortcode_before_footer_widgets":"","ocean_shortcode_after_footer_widgets":"","ocean_shortcode_before_footer_bottom":"","ocean_shortcode_after_footer_bottom":"","ocean_display_top_bar":"default","ocean_display_header":"default","ocean_header_style":"","ocean_center_header_left_menu":"0","ocean_custom_header_template":"0","ocean_custom_logo":0,"ocean_custom_retina_logo":0,"ocean_custom_logo_max_width":0,"ocean_custom_logo_tablet_max_width":0,"ocean_custom_logo_mobile_max_width":0,"ocean_custom_logo_max_height":0,"ocean_custom_logo_tablet_max_height":0,"ocean_custom_logo_mobile_max_height":0,"ocean_header_custom_menu":"0","ocean_menu_typo_font_family":"0","ocean_menu_typo_font_subset":"","ocean_menu_typo_font_size":0,"ocean_menu_typo_font_size_tablet":0,"ocean_menu_typo_font_size_mobile":0,"ocean_menu_typo_font_size_unit":"px","ocean_menu_typo_font_weight":"","ocean_menu_typo_font_weight_tablet":"","ocean_menu_typo_font_weight_mobile":"","ocean_menu_typo_transform":"","ocean_menu_typo_transform_tablet":"","ocean_menu_typo_transform_mobile":"","ocean_menu_typo_line_height":0,"ocean_menu_typo_line_height_tablet":0,"ocean_menu_typo_line_height_mobile":0,"ocean_menu_typo_line_height_unit":"","ocean_menu_typo_spacing":0,"ocean_menu_typo_spacing_tablet":0,"ocean_menu_typo_spacing_mobile":0,"ocean_menu_typo_spacing_unit":"","ocean_menu_link_color":"","ocean_menu_link_color_hover":"","ocean_menu_link_color_active":"","ocean_menu_link_background":"","ocean_menu_link_hover_background":"","ocean_menu_link_active_background":"","ocean_menu_social_links_bg":"","ocean_menu_social_hover_links_bg":"","ocean_menu_social_links_color":"","ocean_menu_social_hover_links_color":"","ocean_disable_title":"default","ocean_disable_heading":"default","ocean_post_title":"","ocean_post_subheading":"","ocean_post_title_style":"","ocean_post_title_background_color":"","ocean_post_title_background":0,"ocean_post_title_bg_image_position":"","ocean_post_title_bg_image_attachment":"","ocean_post_title_bg_image_repeat":"","ocean_post_title_bg_image_size":"","ocean_post_title_height":0,"ocean_post_title_bg_overlay":0.5,"ocean_post_title_bg_overlay_color":"","ocean_disable_breadcrumbs":"default","ocean_breadcrumbs_color":"","ocean_breadcrumbs_separator_color":"","ocean_breadcrumbs_links_color":"","ocean_breadcrumbs_links_hover_color":"","ocean_display_footer_widgets":"default","ocean_display_footer_bottom":"default","ocean_custom_footer_template":"0"},"product_brand":[],"product_cat":[76,78,73],"product_tag":[104,107,105],"class_list":{"0":"post-2179","1":"product","2":"type-product","3":"status-publish","4":"has-post-thumbnail","6":"product_cat-lencois","7":"product_cat-lencol-de-cetim","8":"product_cat-roupa-de-cama","9":"product_tag-cetim","10":"product_tag-lencol-1000-fios","11":"product_tag-lencol-de-cetim","13":"entry","14":"has-media","16":"first","17":"instock","18":"taxable","19":"shipping-taxable","20":"purchasable","21":"product-type-variable","22":"has-product-nav","23":"col","24":"span_1_of_3","25":"owp-content-center","26":"owp-thumbs-layout-horizontal","27":"owp-btn-normal","28":"owp-tabs-layout-horizontal"},"yoast_head":"<!-- This site is optimized with the Yoast SEO plugin v27.4 - https:\/\/yoast.com\/product\/yoast-seo-wordpress\/ -->\n<title>Len\u00e7ol ajust\u00e1vel Cetim 1000 fios | Roupa de cama<\/title>\n<meta name=\"description\" content=\"Len\u00e7ol de baixo ajust\u00e1vel fabricado em Cetim 1000 fios. Tem el\u00e1stico nas pontas para se adaptar perfeitamente ao seu colch\u00e3o.\" \/>\n<meta name=\"robots\" content=\"index, follow, max-snippet:-1, max-image-preview:large, max-video-preview:-1\" \/>\n<link rel=\"canonical\" href=\"https:\/\/www.lecamaleon.com\/en\/product\/lencol-cetim-1000-fios-ajustavel\/\" \/>\n<meta property=\"og:locale\" content=\"en_GB\" \/>\n<meta property=\"og:type\" content=\"article\" \/>\n<meta property=\"og:title\" content=\"Len\u00e7ol ajust\u00e1vel Cetim 1000 fios | Roupa de cama\" \/>\n<meta property=\"og:description\" content=\"Len\u00e7ol de baixo ajust\u00e1vel fabricado em Cetim 1000 fios. Tem el\u00e1stico nas pontas para se adaptar perfeitamente ao seu colch\u00e3o.\" \/>\n<meta property=\"og:url\" content=\"https:\/\/www.lecamaleon.com\/en\/product\/lencol-cetim-1000-fios-ajustavel\/\" \/>\n<meta property=\"og:site_name\" content=\"Lecamaleon\" \/>\n<meta property=\"article:publisher\" content=\"https:\/\/www.facebook.com\/lecamaleon\" \/>\n<meta property=\"article:modified_time\" content=\"2026-01-16T10:33:54+00:00\" \/>\n<meta property=\"og:image\" content=\"https:\/\/www.lecamaleon.com\/wp-content\/uploads\/2023\/11\/lenco-cetim-1000-fios-7.jpg\" \/>\n\t<meta property=\"og:image:width\" content=\"1080\" \/>\n\t<meta property=\"og:image:height\" content=\"1440\" \/>\n\t<meta property=\"og:image:type\" content=\"image\/jpeg\" \/>\n<meta name=\"twitter:card\" content=\"summary_large_image\" \/>\n<meta name=\"twitter:label1\" content=\"Estimated reading time\" \/>\n\t<meta name=\"twitter:data1\" content=\"2 minutes\" \/>\n<script type=\"application\/ld+json\" class=\"yoast-schema-graph\">{\"@context\":\"https:\\\/\\\/schema.org\",\"@graph\":[{\"@type\":\"WebPage\",\"@id\":\"https:\\\/\\\/www.lecamaleon.com\\\/produto\\\/lencol-cetim-1000-fios-ajustavel\\\/\",\"url\":\"https:\\\/\\\/www.lecamaleon.com\\\/produto\\\/lencol-cetim-1000-fios-ajustavel\\\/\",\"name\":\"Len\u00e7ol ajust\u00e1vel Cetim 1000 fios | Roupa de cama\",\"isPartOf\":{\"@id\":\"https:\\\/\\\/www.lecamaleon.com\\\/#website\"},\"primaryImageOfPage\":{\"@id\":\"https:\\\/\\\/www.lecamaleon.com\\\/produto\\\/lencol-cetim-1000-fios-ajustavel\\\/#primaryimage\"},\"image\":{\"@id\":\"https:\\\/\\\/www.lecamaleon.com\\\/produto\\\/lencol-cetim-1000-fios-ajustavel\\\/#primaryimage\"},\"thumbnailUrl\":\"https:\\\/\\\/www.lecamaleon.com\\\/wp-content\\\/uploads\\\/2023\\\/11\\\/lenco-cetim-1000-fios-7.jpg\",\"datePublished\":\"2023-11-30T12:10:27+00:00\",\"dateModified\":\"2026-01-16T10:33:54+00:00\",\"description\":\"Len\u00e7ol de baixo ajust\u00e1vel fabricado em Cetim 1000 fios. Tem el\u00e1stico nas pontas para se adaptar perfeitamente ao seu colch\u00e3o.\",\"breadcrumb\":{\"@id\":\"https:\\\/\\\/www.lecamaleon.com\\\/produto\\\/lencol-cetim-1000-fios-ajustavel\\\/#breadcrumb\"},\"inLanguage\":\"en-GB\",\"potentialAction\":[{\"@type\":\"ReadAction\",\"target\":[\"https:\\\/\\\/www.lecamaleon.com\\\/produto\\\/lencol-cetim-1000-fios-ajustavel\\\/\"]}]},{\"@type\":\"ImageObject\",\"inLanguage\":\"en-GB\",\"@id\":\"https:\\\/\\\/www.lecamaleon.com\\\/produto\\\/lencol-cetim-1000-fios-ajustavel\\\/#primaryimage\",\"url\":\"https:\\\/\\\/www.lecamaleon.com\\\/wp-content\\\/uploads\\\/2023\\\/11\\\/lenco-cetim-1000-fios-7.jpg\",\"contentUrl\":\"https:\\\/\\\/www.lecamaleon.com\\\/wp-content\\\/uploads\\\/2023\\\/11\\\/lenco-cetim-1000-fios-7.jpg\",\"width\":1080,\"height\":1440},{\"@type\":\"BreadcrumbList\",\"@id\":\"https:\\\/\\\/www.lecamaleon.com\\\/produto\\\/lencol-cetim-1000-fios-ajustavel\\\/#breadcrumb\",\"itemListElement\":[{\"@type\":\"ListItem\",\"position\":1,\"name\":\"In\u00edcio\",\"item\":\"https:\\\/\\\/www.lecamaleon.com\\\/\"},{\"@type\":\"ListItem\",\"position\":2,\"name\":\"Loja\",\"item\":\"https:\\\/\\\/www.lecamaleon.com\\\/loja\\\/\"},{\"@type\":\"ListItem\",\"position\":3,\"name\":\"Len\u00e7ol ajust\u00e1vel Cetim 1000 fios\"}]},{\"@type\":\"WebSite\",\"@id\":\"https:\\\/\\\/www.lecamaleon.com\\\/#website\",\"url\":\"https:\\\/\\\/www.lecamaleon.com\\\/\",\"name\":\"Lecamaleon.com\",\"description\":\"Loja online de t\u00eaxtil-lar com produtos fabricados em Portugal aos melhores pre\u00e7os: edred\u00f5es, almofadas de dormir, len\u00e7\u00f3is de linho, len\u00e7\u00f3is de cetim e mais.\",\"publisher\":{\"@id\":\"https:\\\/\\\/www.lecamaleon.com\\\/#organization\"},\"alternateName\":\"LeCamaleon\",\"potentialAction\":[{\"@type\":\"SearchAction\",\"target\":{\"@type\":\"EntryPoint\",\"urlTemplate\":\"https:\\\/\\\/www.lecamaleon.com\\\/?s={search_term_string}\"},\"query-input\":{\"@type\":\"PropertyValueSpecification\",\"valueRequired\":true,\"valueName\":\"search_term_string\"}}],\"inLanguage\":\"en-GB\"},{\"@type\":\"Organization\",\"@id\":\"https:\\\/\\\/www.lecamaleon.com\\\/#organization\",\"name\":\"Lecamaleon.com\",\"url\":\"https:\\\/\\\/www.lecamaleon.com\\\/\",\"logo\":{\"@type\":\"ImageObject\",\"inLanguage\":\"en-GB\",\"@id\":\"https:\\\/\\\/www.lecamaleon.com\\\/#\\\/schema\\\/logo\\\/image\\\/\",\"url\":\"https:\\\/\\\/www.lecamaleon.com\\\/wp-content\\\/uploads\\\/2023\\\/02\\\/cropped-Logo-512x512-1.png\",\"contentUrl\":\"https:\\\/\\\/www.lecamaleon.com\\\/wp-content\\\/uploads\\\/2023\\\/02\\\/cropped-Logo-512x512-1.png\",\"width\":512,\"height\":512,\"caption\":\"Lecamaleon.com\"},\"image\":{\"@id\":\"https:\\\/\\\/www.lecamaleon.com\\\/#\\\/schema\\\/logo\\\/image\\\/\"},\"sameAs\":[\"https:\\\/\\\/www.facebook.com\\\/lecamaleon\",\"https:\\\/\\\/www.instagram.com\\\/le.camaleon\\\/\",\"https:\\\/\\\/www.threads.net\\\/@le.camaleon\"]}]}<\/script>\n<!-- \/ Yoast SEO plugin. -->","yoast_head_json":{"title":"Len\u00e7ol ajust\u00e1vel Cetim 1000 fios | Roupa de cama","description":"Len\u00e7ol de baixo ajust\u00e1vel fabricado em Cetim 1000 fios. Tem el\u00e1stico nas pontas para se adaptar perfeitamente ao seu colch\u00e3o.","robots":{"index":"index","follow":"follow","max-snippet":"max-snippet:-1","max-image-preview":"max-image-preview:large","max-video-preview":"max-video-preview:-1"},"canonical":"https:\/\/www.lecamaleon.com\/en\/product\/lencol-cetim-1000-fios-ajustavel\/","og_locale":"en_GB","og_type":"article","og_title":"Len\u00e7ol ajust\u00e1vel Cetim 1000 fios | Roupa de cama","og_description":"Len\u00e7ol de baixo ajust\u00e1vel fabricado em Cetim 1000 fios. Tem el\u00e1stico nas pontas para se adaptar perfeitamente ao seu colch\u00e3o.","og_url":"https:\/\/www.lecamaleon.com\/en\/product\/lencol-cetim-1000-fios-ajustavel\/","og_site_name":"Lecamaleon","article_publisher":"https:\/\/www.facebook.com\/lecamaleon","article_modified_time":"2026-01-16T10:33:54+00:00","og_image":[{"width":1080,"height":1440,"url":"https:\/\/www.lecamaleon.com\/wp-content\/uploads\/2023\/11\/lenco-cetim-1000-fios-7.jpg","type":"image\/jpeg"}],"twitter_card":"summary_large_image","twitter_misc":{"Estimated reading time":"2 minutes"},"schema":{"@context":"https:\/\/schema.org","@graph":[{"@type":"WebPage","@id":"https:\/\/www.lecamaleon.com\/produto\/lencol-cetim-1000-fios-ajustavel\/","url":"https:\/\/www.lecamaleon.com\/produto\/lencol-cetim-1000-fios-ajustavel\/","name":"Len\u00e7ol ajust\u00e1vel Cetim 1000 fios | Roupa de cama","isPartOf":{"@id":"https:\/\/www.lecamaleon.com\/#website"},"primaryImageOfPage":{"@id":"https:\/\/www.lecamaleon.com\/produto\/lencol-cetim-1000-fios-ajustavel\/#primaryimage"},"image":{"@id":"https:\/\/www.lecamaleon.com\/produto\/lencol-cetim-1000-fios-ajustavel\/#primaryimage"},"thumbnailUrl":"https:\/\/www.lecamaleon.com\/wp-content\/uploads\/2023\/11\/lenco-cetim-1000-fios-7.jpg","datePublished":"2023-11-30T12:10:27+00:00","dateModified":"2026-01-16T10:33:54+00:00","description":"Len\u00e7ol de baixo ajust\u00e1vel fabricado em Cetim 1000 fios. Tem el\u00e1stico nas pontas para se adaptar perfeitamente ao seu colch\u00e3o.","breadcrumb":{"@id":"https:\/\/www.lecamaleon.com\/produto\/lencol-cetim-1000-fios-ajustavel\/#breadcrumb"},"inLanguage":"en-GB","potentialAction":[{"@type":"ReadAction","target":["https:\/\/www.lecamaleon.com\/produto\/lencol-cetim-1000-fios-ajustavel\/"]}]},{"@type":"ImageObject","inLanguage":"en-GB","@id":"https:\/\/www.lecamaleon.com\/produto\/lencol-cetim-1000-fios-ajustavel\/#primaryimage","url":"https:\/\/www.lecamaleon.com\/wp-content\/uploads\/2023\/11\/lenco-cetim-1000-fios-7.jpg","contentUrl":"https:\/\/www.lecamaleon.com\/wp-content\/uploads\/2023\/11\/lenco-cetim-1000-fios-7.jpg","width":1080,"height":1440},{"@type":"BreadcrumbList","@id":"https:\/\/www.lecamaleon.com\/produto\/lencol-cetim-1000-fios-ajustavel\/#breadcrumb","itemListElement":[{"@type":"ListItem","position":1,"name":"In\u00edcio","item":"https:\/\/www.lecamaleon.com\/"},{"@type":"ListItem","position":2,"name":"Loja","item":"https:\/\/www.lecamaleon.com\/loja\/"},{"@type":"ListItem","position":3,"name":"Len\u00e7ol ajust\u00e1vel Cetim 1000 fios"}]},{"@type":"WebSite","@id":"https:\/\/www.lecamaleon.com\/#website","url":"https:\/\/www.lecamaleon.com\/","name":"Lecamaleon.com","description":"Loja online de t\u00eaxtil-lar com produtos fabricados em Portugal aos melhores pre\u00e7os: edred\u00f5es, almofadas de dormir, len\u00e7\u00f3is de linho, len\u00e7\u00f3is de cetim e mais.","publisher":{"@id":"https:\/\/www.lecamaleon.com\/#organization"},"alternateName":"LeCamaleon","potentialAction":[{"@type":"SearchAction","target":{"@type":"EntryPoint","urlTemplate":"https:\/\/www.lecamaleon.com\/?s={search_term_string}"},"query-input":{"@type":"PropertyValueSpecification","valueRequired":true,"valueName":"search_term_string"}}],"inLanguage":"en-GB"},{"@type":"Organization","@id":"https:\/\/www.lecamaleon.com\/#organization","name":"Lecamaleon.com","url":"https:\/\/www.lecamaleon.com\/","logo":{"@type":"ImageObject","inLanguage":"en-GB","@id":"https:\/\/www.lecamaleon.com\/#\/schema\/logo\/image\/","url":"https:\/\/www.lecamaleon.com\/wp-content\/uploads\/2023\/02\/cropped-Logo-512x512-1.png","contentUrl":"https:\/\/www.lecamaleon.com\/wp-content\/uploads\/2023\/02\/cropped-Logo-512x512-1.png","width":512,"height":512,"caption":"Lecamaleon.com"},"image":{"@id":"https:\/\/www.lecamaleon.com\/#\/schema\/logo\/image\/"},"sameAs":["https:\/\/www.facebook.com\/lecamaleon","https:\/\/www.instagram.com\/le.camaleon\/","https:\/\/www.threads.net\/@le.camaleon"]}]}},"_links":{"self":[{"href":"https:\/\/www.lecamaleon.com\/en\/wp-json\/wp\/v2\/product\/2179","targetHints":{"allow":["GET"]}}],"collection":[{"href":"https:\/\/www.lecamaleon.com\/en\/wp-json\/wp\/v2\/product"}],"about":[{"href":"https:\/\/www.lecamaleon.com\/en\/wp-json\/wp\/v2\/types\/product"}],"replies":[{"embeddable":true,"href":"https:\/\/www.lecamaleon.com\/en\/wp-json\/wp\/v2\/comments?post=2179"}],"wp:featuredmedia":[{"embeddable":true,"href":"https:\/\/www.lecamaleon.com\/en\/wp-json\/wp\/v2\/media\/3035"}],"wp:attachment":[{"href":"https:\/\/www.lecamaleon.com\/en\/wp-json\/wp\/v2\/media?parent=2179"}],"wp:term":[{"taxonomy":"product_brand","embeddable":true,"href":"https:\/\/www.lecamaleon.com\/en\/wp-json\/wp\/v2\/product_brand?post=2179"},{"taxonomy":"product_cat","embeddable":true,"href":"https:\/\/www.lecamaleon.com\/en\/wp-json\/wp\/v2\/product_cat?post=2179"},{"taxonomy":"product_tag","embeddable":true,"href":"https:\/\/www.lecamaleon.com\/en\/wp-json\/wp\/v2\/product_tag?post=2179"}],"curies":[{"name":"wp","href":"https:\/\/api.w.org\/{rel}","templated":true}]}}